{"id":604,"date":"2023-04-25T18:19:16","date_gmt":"2023-04-25T16:19:16","guid":{"rendered":"https:\/\/thespezziner.com\/?page_id=604"},"modified":"2023-04-25T18:24:49","modified_gmt":"2023-04-25T16:24:49","slug":"special-edition-70-raduno-nazionale-bersaglieri","status":"publish","type":"page","link":"https:\/\/thespezziner.com\/index.php\/special-edition-70-raduno-nazionale-bersaglieri\/","title":{"rendered":"Special Edition\u00a070\u00b0 RADUNO NAZIONALE BERSAGLIERI"},"content":{"rendered":"    <!--[section]-->\n\t\t<style>\n.bd-section-1412078105{\n\tline-height:  28.57142858px;\n\tfont-size:  20px;\n}\n<\/style>\t\t<section id=section12 class=\" bd-section-1412078105  bd-tagstyles\" data-section-title=\"Section with Canvas\">\n\t\t\t<div class=\"bd-container-inner bd-margins clearfix\">\n\t\t\t\t<!--{content}-->\n\t\t\t\t\t<!--[layoutbox]--><style>\n.additional-class-1141135201{position:relative;}\n.additional-class-1141135201{\n\ttext-align:  center;\n}\n<\/style><div class=\"clearfix  additional-class-1141135201  bd-no-margins\"><div class=\"bd-container-inner\"><!--{content}-->\n    <!--[spacer]-->\n    <style>\n.bd-spacer-395494573{height:100px;}<\/style>    <div class=\" bd-spacer-395494573  clearfix\">\n        <!--{content}--><!--{\/content}-->\n    <\/div>\n    <!--[\/spacer]-->\n\n    \n\t\n\t\t    <!--[text]-->\n                <p class=\" additional-class-2098069475  bd-content-element\">\n            <!--{content}-->\n                <span id=\"docs-internal-guid-dc540b09-7fff-8987-3292-f2f1c6857323\">Siamo felici di annunciare che in occasione del 70\u00b0 raduno dei bersaglieri, The Spezziner dedica una Special Edition a questo importante evento.<\/span>            <!--{\/content}-->\n        <\/p>\n    <!--[\/text]-->\n\n\t\n\t\t    <!--[text]-->\n                <p class=\" additional-class-1735490074  bd-content-element\">\n            <!--{content}-->\n                <span id=\"docs-internal-guid-ce03184c-7fff-946d-59d2-fd9cd51ee916\">La copertina della nostra rivista immaginaria vuole celebrare l'impegno, la dedizione e la passione dei bersaglieri italiani, che da sempre rappresentano un simbolo di coraggio e di patriottismo per il nostro paese.<\/span>\n<span>\n<\/span>            <!--{\/content}-->\n        <\/p>\n    <!--[\/text]-->\n\n\t\n\t\t\n    <!--[spacer]-->\n    <style>\n.bd-spacer-1407871655{height:50px;}<\/style>    <div class=\" bd-spacer-1407871655  clearfix\">\n        <!--{content}--><!--{\/content}-->\n    <\/div>\n    <!--[\/spacer]-->\n\n    \n\t\n\t\t    <!--[columns]-->\n        <style>\n.bd-layoutcontainer-916795902  > .bd-container-inner > .container-fluid:after{display:none;}<\/style><style>.bd-layoutcontainer-916795902 > .bd-container-inner > .container-fluid {padding-left: 0; padding-right: 0;}<\/style>        <style><\/style>        <div class=\" bd-layoutcontainer-916795902  bd-columns bd-no-margins\">\n            <div class=\"bd-container-inner\">\n                <div class=\"container-fluid\">\n                    <div class=\"row\">\n                        <!--{content}-->\n                                <!--[column]-->\n        <div class=\"col-sm-6 bd-columnwrapper-2139743066\">\n            <div class=\"bd-column  bd-layoutcolumn-2139743066 \">\n                <div class=\"bd-vertical-align-wrapper\">\n                    <!--{content}-->\n                        <!--[image]-->\n            <style>\n                .additional-class-774502907 {\n                    display: inline-block;\n                }\n            <\/style>\n            \n            \n\n            <style>\n                .additional-class-774502907 img {\n                    display: inline-block;\n                    width: 100%;\n                    height: 100%;\n                }\n            <\/style>\n            \n            <a href=\"https:\/\/shop.thespezziner.com\/index.php\/prodotto\/the-spezziner-special-edition-70-raduno-nazionale-bersaglieri-gloria-giuliano\/\" class=\" additional-class-774502907   bd-own-margins\"><img decoding=\"async\" src=\"https:\/\/thespezziner.com\/wp-content\/uploads\/2023\/04\/9e1c1f6e1567ea3381598cf055eda956_thespezzinerse8.png\" class=\"bd-imagestyles\" ><!--{content}--><!--{\/content}--><\/a><!--[\/image]-->                    <!--{\/content}-->\n                <\/div>\n            <\/div>\n        <\/div>\n    <!--[\/column]-->\n\n\t\n\t\t    <!--[column]-->\n        <div class=\"col-sm-6 bd-columnwrapper-1243285659\">\n            <div class=\"bd-column  bd-layoutcolumn-1243285659 \">\n                <div class=\"bd-vertical-align-wrapper\">\n                    <!--{content}-->\n                            <!--[text]-->\n                <p class=\" additional-class-1262809962  bd-content-element\">\n            <!--{content}-->\n                <span id=\"docs-internal-guid-0de2d2e1-7fff-4638-c5e0-2889ca305d14\">Sono in vendita solo 99 stampe autografate dall'artista Gloria Giuliano che rappresentano un'occasione unica per possedere una copia esclusiva dell'opera d'arte realizzata per questo importante evento ad un prezzo speciale.<\/span>            <!--{\/content}-->\n        <\/p>\n    <!--[\/text]-->\n\n\t\n\t\t\n    <!--[separator]-->\n    <style>\n.bd-separator-1149928125{padding:10px 0px;}<\/style>        <style>\n.bd-separator-1149928125 .bd-separator-inner:before, .bd-separator-1149928125 .bd-separator-inner:after{border-top:1px solid #dddddd;}<\/style>    <style>\n.bd-separator-1149928125 .bd-separator-inner{width:75%;}<\/style>\n    <div class=\" bd-separator-1149928125  bd-separator-center bd-separator-content-center clearfix\">\n        <div class=\"bd-container-inner\">\n            <div class=\"bd-separator-inner\">\n                                <!--{content}--><!--{\/content}-->\n            <\/div>\n        <\/div>\n    <\/div>\n    <!--[\/separator]-->\n\n    \n\t\n\t\t\n    <!--[spacer]-->\n    <style>\n.bd-spacer-283328569{height:100px;}<\/style>    <div class=\" bd-spacer-283328569  clearfix\">\n        <!--{content}--><!--{\/content}-->\n    <\/div>\n    <!--[\/spacer]-->\n\n    \n\t\n\t\t<!--[button]--><style>.additional-class-1116254218 {\n                    text-decoration: inherit;\n\t                display: inline-block;\n\t                speak: none;\n\t            }\n\n                .additional-class-1116254218:before {\n                    font-family: 'Billion Web Font';\n\t                font-style: normal;\n\t                font-weight: normal;\n\t                text-decoration: inherit;\n\t                text-align: center;\n\t                text-transform: none;\n\t                width: 1em;\n                }.additional-class-1116254218:before {width: auto; visibility: inherit;}.additional-class-1116254218:before{display: inline-block;}<\/style><style>.additional-class-1116254218:before {\n        vertical-align: middle;\n        text-decoration: none;\n    }<\/style><style>.additional-class-1116254218:hover {\n                    text-decoration: inherit;\n\t                display: inline-block;\n\t                speak: none;\n\t            }\n\n                .additional-class-1116254218:hover:before {\n                    font-family: 'Billion Web Font';\n\t                font-style: normal;\n\t                font-weight: normal;\n\t                text-decoration: inherit;\n\t                text-align: center;\n\t                text-transform: none;\n\t                width: 1em;\n                }.additional-class-1116254218:hover:before {width: auto; visibility: inherit;}.additional-class-1116254218:hover:before{display: inline-block;}<\/style><style>.additional-class-1116254218:hover:before {\n        vertical-align: middle;\n        text-decoration: none;\n    }<\/style><a href=\"https:\/\/shop.thespezziner.com\/index.php\/prodotto\/the-spezziner-special-edition-70-raduno-nazionale-bersaglieri-gloria-giuliano\/\" class=\"bd-button  additional-class-1116254218  bd-own-margins bd-content-element\"><!--{content}-->\nAcquista ora al prezzo speciale di 30 \u20ac\n<!--{\/content}--><\/a><!--[\/button]-->\n\t\n\t\t\n    <!--[spacer]-->\n    <style>\n.bd-spacer-1019192040{height:50px;}<\/style>    <div class=\" bd-spacer-1019192040  clearfix\">\n        <!--{content}--><!--{\/content}-->\n    <\/div>\n    <!--[\/spacer]-->\n\n    \n\t\n\t\t    <!--[text]-->\n        <style>\n.additional-class-254098141{\n\tcolor:  #d9534f;\n}\n<\/style>        <p class=\" additional-class-254098141  bd-content-element\">\n            <!--{content}-->\n                Offerta valida fino al 28 maggio dopodich\u00e8 il prezzo sar\u00e0 69 \u20ac            <!--{\/content}-->\n        <\/p>\n    <!--[\/text]-->\n                    <!--{\/content}-->\n                <\/div>\n            <\/div>\n        <\/div>\n    <!--[\/column]-->\n                        <!--{\/content}-->\n                    <\/div>\n                <\/div>\n            <\/div>\n        <\/div>\n    <!--[\/columns]-->\n\n\t\n\t\t\n    <!--[spacer]-->\n    <style>\n.bd-spacer-285245155{height:50px;}<\/style>    <div class=\" bd-spacer-285245155  clearfix\">\n        <!--{content}--><!--{\/content}-->\n    <\/div>\n    <!--[\/spacer]-->\n\n    \n\t\n\t\t    <!--[text]-->\n                <p class=\" additional-class-1656353077  bd-content-element\">\n            <!--{content}-->\n                <span id=\"docs-internal-guid-f14cde9d-7fff-7f0e-463b-ac385451488d\">Siamo certi che questa Special Edition di The Spezz\u00ecner sapr\u00e0 emozionarvi e farvi sentire parte di questa grande famiglia che \u00e8 quella dei bersaglieri.<\/span>\n<span>\n<\/span>            <!--{\/content}-->\n        <\/p>\n    <!--[\/text]-->\n\n\t\n\t\t    <!--[text]-->\n                <p class=\" additional-class-1037368672  bd-content-element\">\n            <!--{content}-->\n                <span id=\"docs-internal-guid-6d53b16e-7fff-c6fa-6f9e-393a3808cecf\">Non perdete l'occasione di avere tra le mani questa preziosa opera d\u2019arte e celebrare con noi il 70\u00b0 raduno dei bersaglieri che si terr\u00e0 a La Spezia dal 22 al 28 maggio .<\/span>\n<span>\n<\/span>            <!--{\/content}-->\n        <\/p>\n    <!--[\/text]-->\n\n\t\n\t\t    <!--[text]-->\n                <p class=\" additional-class-614441294  bd-content-element\">\n            <!--{content}-->\n                <span id=\"docs-internal-guid-d2af9520-7fff-0938-c6d7-91b2c5c29063\">Ringraziamo l'artista <a href=\"https:\/\/shop.thespezziner.com\/index.php\/team\/gloria-giuliano\/\">Gloria Giuliano<\/a> per la sua preziosa collaborazione e per aver reso ancora pi\u00f9 speciale questa edizione della nostra rivista immaginaria.<\/span>\n<span>\n<\/span>            <!--{\/content}-->\n        <\/p>\n    <!--[\/text]-->\n\n\t\n\t\t\n    <!--[spacer]-->\n    <style>\n.bd-spacer-1396068062{height:100px;}<\/style>    <div class=\" bd-spacer-1396068062  clearfix\">\n        <!--{content}--><!--{\/content}-->\n    <\/div>\n    <!--[\/spacer]-->\n\n    <!--{\/content}--><\/div><\/div><!--[\/layoutbox]-->\t\t\t\t<!--{\/content}-->\n\t\t\t<\/div>\n\t\t<\/section>\n\t<!--[\/section]-->\n\n","protected":false},"excerpt":{"rendered":"","protected":false},"author":1,"featured_media":606,"parent":0,"menu_order":0,"comment_status":"closed","ping_status":"closed","template":"","meta":{"jetpack_post_was_ever_published":false,"footnotes":""},"aioseo_notices":[],"jetpack_sharing_enabled":true,"amp_enabled":true,"_links":{"self":[{"href":"https:\/\/thespezziner.com\/index.php\/wp-json\/wp\/v2\/pages\/604"}],"collection":[{"href":"https:\/\/thespezziner.com\/index.php\/wp-json\/wp\/v2\/pages"}],"about":[{"href":"https:\/\/thespezziner.com\/index.php\/wp-json\/wp\/v2\/types\/page"}],"author":[{"embeddable":true,"href":"https:\/\/thespezziner.com\/index.php\/wp-json\/wp\/v2\/users\/1"}],"replies":[{"embeddable":true,"href":"https:\/\/thespezziner.com\/index.php\/wp-json\/wp\/v2\/comments?post=604"}],"version-history":[{"count":8,"href":"https:\/\/thespezziner.com\/index.php\/wp-json\/wp\/v2\/pages\/604\/revisions"}],"predecessor-version":[{"id":614,"href":"https:\/\/thespezziner.com\/index.php\/wp-json\/wp\/v2\/pages\/604\/revisions\/614"}],"wp:featuredmedia":[{"embeddable":true,"href":"https:\/\/thespezziner.com\/index.php\/wp-json\/wp\/v2\/media\/606"}],"wp:attachment":[{"href":"https:\/\/thespezziner.com\/index.php\/wp-json\/wp\/v2\/media?parent=604"}],"curies":[{"name":"wp","href":"https:\/\/api.w.org\/{rel}","templated":true}]}}